{"id":1851,"date":"2024-10-15T12:43:34","date_gmt":"2024-10-15T12:43:34","guid":{"rendered":"https:\/\/een.is\/?post_type=tribe_events&#038;p=1851"},"modified":"2024-10-15T12:43:34","modified_gmt":"2024-10-15T12:43:34","slug":"thetta-byrjar-allt-a-godri-hugmynd","status":"publish","type":"tribe_events","link":"https:\/\/een.is\/en\/event\/thetta-byrjar-allt-a-godri-hugmynd\/","title":{"rendered":"\u00deetta byrjar allt \u00e1 g\u00f3\u00f0ri hugmynd!"},"content":{"rendered":"<div class=\"summary\">\n<p>M\u00e1l\u00feing um \u00e1vinning \u00edslenskra \u00fe\u00e1tttakenda \u00ed evr\u00f3pskum ranns\u00f3kna- og n\u00fdsk\u00f6punar\u00e1\u00e6tlunum.<\/p>\n<\/div>\n<p>Rann\u00eds bo\u00f0ar til opins m\u00e1l\u00feings um \u00fe\u00e6r evr\u00f3psku ramma\u00e1\u00e6tlanir sem h\u00fdstar eru hj\u00e1 Rann\u00eds (Horizon Europe, Life og Digital Europe, auk \u00fej\u00f3nustu EEN).<\/p>\n<p>M\u00e1l\u00feingi\u00f0 er haldi\u00f0 \u00e1 Grand h\u00f3tel Reykjav\u00edk kl. 14:00 &#8211; 17:00.<br \/>\nM\u00e1l\u00feingi\u00f0 er hugsa\u00f0 sem st\u00f6\u00f0utaka \u00e1 \u00e1rangri \u00cdslands fyrstu \u00ferj\u00fa \u00e1r ramma\u00e1\u00e6tlunarinnar og sem vettvangur fyrir \u00fe\u00e1tttakendur og m\u00f6gulega ums\u00e6kjendur \u00ed ramma\u00e1\u00e6tlanirnar a\u00f0 bera saman b\u00e6kur og kynnast.<\/p>\n<h4><strong>Dagskr\u00e1<\/strong><\/h4>\n<ul>\n<li>13:30 H\u00fas opnar og skr\u00e1ning<\/li>\n<li>14:00 \u00c1varp<br \/>\n&#8211; Clara Ganslandt, sendiherra ESB \u00e1 \u00cdslandi<\/li>\n<li>14:05 Opnunarerindi<br \/>\n&#8211; \u00c1g\u00fast Hj\u00f6rtur Ing\u00fe\u00f3rsson, forst\u00f6\u00f0uma\u00f0ur Rann\u00eds<\/li>\n<\/ul>\n<ul>\n<li>14:20 Reynslus\u00f6gur, myndb\u00f6nd \u00fear \u00e1 milli<\/li>\n<li>14:25 Pallbor\u00f0sumr\u00e6\u00f0ur: &#8222;Vegfer\u00f0 styrkjaums\u00f3kna og r\u00e1\u00f0 fr\u00e1 \u00fe\u00e1tttakendum&#8220;<br \/>\n&#8211; \u00de\u00f3rhallur Magn\u00fasson, H\u00e1sk\u00f3li \u00cdslands<br \/>\n&#8211; H\u00f3lmfr\u00ed\u00f0ur Elvarsd\u00f3ttir, Tern Systems<br \/>\n&#8211; \u00de\u00f3ra \u00d3skarsd\u00f3ttir, Fab Lab Reykjav\u00edk<br \/>\n&#8211; H\u00f6rn Valdimarsd\u00f3ttir, Defend Iceland<br \/>\n<strong>Pallbor\u00f0sstj\u00f3ri<\/strong>: Sigur\u00f0ur \u00d3li Sigur\u00f0sson, svi\u00f0sstj\u00f3ri ranns\u00f3kna- og n\u00fdsk\u00f6punarsvi\u00f0s Rann\u00eds.\u200b<\/li>\n<li>14:45 Reynslus\u00f6gur &#8211; myndb\u00f6nd \u00fear \u00e1 milli<\/li>\n<li>14:50 Pallbor\u00f0sumr\u00e6\u00f0ur: &#8222;Hvernig geta stofnanir og fyrirt\u00e6ki stutt vi\u00f0 \u00e1rangursr\u00edkar ums\u00f3knir&#8220;<br \/>\n&#8211; Oddur M\u00e1r Gunnarsson, Mat\u00eds<br \/>\n&#8211; Gy\u00f0a Einarsd\u00f3ttir, Samband \u00edslenskra sveitaf\u00e9laga<br \/>\n&#8211; Lilja Tryggvad\u00f3ttir, Orkuveitan<br \/>\n&#8211; Hulda Propp\u00e9, H\u00e1sk\u00f3li \u00cdslands<br \/>\n<strong>Pallbor\u00f0sstj\u00f3ri<\/strong>: Sigr\u00fan \u00d3lafsd\u00f3ttir, s\u00e9rfr\u00e6\u00f0ingur \u00e1 ranns\u00f3kna- og n\u00fdsk\u00f6punarsvi\u00f0i Rann\u00eds<\/li>\n<\/ul>\n<p>&nbsp;<\/p>\n<ul>\n<li>15:10 Reynslus\u00f6gur &#8211; myndb\u00f6nd \u00fear \u00e1 milli<\/li>\n<li>15:15 L\u00e9ttar veitingar og spjall<\/li>\n<li>16:30 M\u00e1l\u00feingi l\u00fdkur<\/li>\n<\/ul>\n<p><strong>Fundarstj\u00f3ri:<\/strong>\u00a0Kolfinna T\u00f3masd\u00f3ttir, s\u00e9rfr\u00e6\u00f0ingur \u00e1 ranns\u00f3kna- og n\u00fdsk\u00f6punarsvi\u00f0i Rann\u00eds<\/p>\n<p>M\u00e1l\u00feingi\u00f0 er opi\u00f0, og eru \u00f6ll sem starfa vi\u00f0 ranns\u00f3kna- og n\u00fdsk\u00f6punarumhverfi\u00f0 \u00e1 \u00cdslandi hv\u00f6tt til a\u00f0 sitja m\u00e1l\u00feingi\u00f0.\u00a0Fyrrum styrk\u00feegar \u00ed \u00e1\u00e6tlununum eru s\u00e9rstaklega velkomnir.<\/p>\n<p>Nau\u00f0synlegt er a\u00f0 <a href=\"https:\/\/forms.office.com\/pages\/responsepage.aspx?id=bTBKdmgKrUWfB28YBER81Hq3Ii7Wv4lGi7NrnPIpaWdUM1pFTkE5VEZGSVJTTjZSMDM4RTIwUE9LOC4u&amp;route=shorturl\" target=\"_blank\" rel=\"noopener\">skr\u00e1 sig \u00ed gegnum vef Rann\u00eds<\/a><strong>.<\/strong><\/p>\n<p>Fyrri hluta m\u00e1l\u00feingsins ver\u00f0ur streymt, en vi\u00f0 hvetjum sem flest a\u00f0 m\u00e6ta \u00ed h\u00fas til a\u00f0 efla sitt tengslanet.<\/p>","protected":false},"excerpt":{"rendered":"<p>M\u00e1l\u00feing um \u00e1vinning \u00edslenskra \u00fe\u00e1tttakenda \u00ed evr\u00f3pskum ranns\u00f3kna- og n\u00fdsk\u00f6punar\u00e1\u00e6tlunum. Rann\u00eds bo\u00f0ar til opins m\u00e1l\u00feings um \u00fe\u00e6r evr\u00f3psku ramma\u00e1\u00e6tlanir sem h\u00fdstar eru hj\u00e1 Rann\u00eds (Horizon Europe, Life og Digital Europe, [&hellip;]<\/p>\n","protected":false},"author":4,"featured_media":1854,"template":"","meta":{"_acf_changed":false,"_tribe_events_status":"","_tribe_events_status_reason":"","footnotes":""},"tags":[],"tribe_events_cat":[32],"class_list":["post-1851","tribe_events","type-tribe_events","status-publish","has-post-thumbnail","hentry","tribe_events_cat-dagatal","cat_dagatal"],"acf":[],"_links":{"self":[{"href":"https:\/\/een.is\/en\/wp-json\/wp\/v2\/tribe_events\/1851","targetHints":{"allow":["GET"]}}],"collection":[{"href":"https:\/\/een.is\/en\/wp-json\/wp\/v2\/tribe_events"}],"about":[{"href":"https:\/\/een.is\/en\/wp-json\/wp\/v2\/types\/tribe_events"}],"author":[{"embeddable":true,"href":"https:\/\/een.is\/en\/wp-json\/wp\/v2\/users\/4"}],"version-history":[{"count":2,"href":"https:\/\/een.is\/en\/wp-json\/wp\/v2\/tribe_events\/1851\/revisions"}],"predecessor-version":[{"id":1856,"href":"https:\/\/een.is\/en\/wp-json\/wp\/v2\/tribe_events\/1851\/revisions\/1856"}],"wp:featuredmedia":[{"embeddable":true,"href":"https:\/\/een.is\/en\/wp-json\/wp\/v2\/media\/1854"}],"wp:attachment":[{"href":"https:\/\/een.is\/en\/wp-json\/wp\/v2\/media?parent=1851"}],"wp:term":[{"taxonomy":"post_tag","embeddable":true,"href":"https:\/\/een.is\/en\/wp-json\/wp\/v2\/tags?post=1851"},{"taxonomy":"tribe_events_cat","embeddable":true,"href":"https:\/\/een.is\/en\/wp-json\/wp\/v2\/tribe_events_cat?post=1851"}],"curies":[{"name":"wp","href":"https:\/\/api.w.org\/{rel}","templated":true}]}}