{"id":1515,"date":"2024-05-04T17:00:41","date_gmt":"2024-05-04T17:00:41","guid":{"rendered":"https:\/\/een.is\/?post_type=tribe_events&#038;p=1515"},"modified":"2024-05-05T14:27:47","modified_gmt":"2024-05-05T14:27:47","slug":"nyskopunarvika","status":"publish","type":"tribe_events","link":"https:\/\/een.is\/en\/event\/nyskopunarvika\/","title":{"rendered":"N\u00fdsk\u00f6punarvika"},"content":{"rendered":"<div class=\"summary\">\n<p><a class=\"internal secure\" href=\"https:\/\/www.rannis.is\/sjodir\/rannsoknir\/taeknithrounarsjodur\/\" target=\"_blank\" rel=\"noopener\">T\u00e6kni\u00fer\u00f3unarsj\u00f3\u00f0ur <\/a>og\u00a0<a class=\"secure external\" title=\"Enterprise Europe Network (Opnast \u00ed n\u00fdjum vafraglugga)\" href=\"https:\/\/een.is\/en\/\" target=\"_blank\" rel=\"noopener\">Enterprise Europe Network\u00a0<\/a>\u00a0bj\u00f3\u00f0a til h\u00e1degisvi\u00f0bur\u00f0ar undir yfirskriftinni &#8222;The Innovative Globetrotter&#8220; sem myndi \u00fatleggjast \u00e1 \u00edslensku sem &#8222;Skapandi heimshornaflakkarinn&#8220;.<\/p>\n<\/div>\n<p><span id=\"tmp_1714872578974_6\"><strong>Vi\u00f0bur\u00f0urinn fer fram \u00e1 ensku og hefst klukkan 11:30.<\/strong><\/span><\/p>\n<p>\u00c1 \u00feessum vi\u00f0bur\u00f0i munu gestir me\u00f0al annars heyra fr\u00e1 a\u00f0ilum \u00far n\u00fdsk\u00f6punargeiranum sem hafa teki\u00f0 skrefi\u00f0 \u00fat fyrir landsteinanna me\u00f0 stu\u00f0ningi \u00ed gegnum Rann\u00eds.\u00a0 Fjalla\u00f0 ver\u00f0ur um Eurostars, Innowwide, Digital Europe og Enterprise Europe Network.<\/p>\n<p>Vi\u00f0bur\u00f0urinn er skipulag\u00f0ur \u00ed samstarfi vi\u00f0\u00a0<a class=\"secure external\" title=\"N\u00fdsk\u00f6punarviku \u00cdslands (Opnast \u00ed n\u00fdjum vafraglugga)\" href=\"https:\/\/www.innovationweek.is\/wednesday\/tknirunarsjur-een-the-innovative-globetrotter\" target=\"_blank\" rel=\"noopener\">N\u00fdsk\u00f6punarviku \u00cdslands\u00a0<\/a> og er haldinn \u00ed Pop-up r\u00fdmi (Regnboga) N\u00fdsk\u00f6punarvikunnar \u00e1 Hafnartorgi<\/p>\n<p>Bo\u00f0i\u00f0 ver\u00f0ur upp \u00e1 l\u00e9ttan h\u00e1degisver\u00f0 og \u00ed lokin brj\u00f3tum vi\u00f0 upp dagskr\u00e1rformi\u00f0 og kitlum hl\u00e1turtaugarnar me\u00f0 s\u00e9rst\u00f6kum gesti.<\/p>\n<p>Vi\u00f0bur\u00f0urinn er opinn \u00f6llum sem hafa \u00e1huga \u00e1 n\u00fdsk\u00f6pun \u00ed \u00edslensku samf\u00e9lagi og vilja fr\u00e6\u00f0ast um t\u00e6kif\u00e6ri \u00e1 erlendri grundu.<\/p>\n<h3>Dagskr\u00e1<\/h3>\n<ul>\n<li>11:30 Velkomin &#8211; Mj\u00f6ll Waldorff, s\u00e9rfr\u00e6\u00f0ingur hj\u00e1 Rann\u00eds<\/li>\n<li>11:40 Geosilica &#8211; Fida Abu Libdeh framkv\u00e6mdast\u00fdra og stofnandi<\/li>\n<li>11:50 Digital Europe &#8211; Sig\u00fer\u00fa\u00f0ur Gu\u00f0nad\u00f3ttir, s\u00e9rfr\u00e6\u00f0ingur hj\u00e1 Rann\u00eds<\/li>\n<li>12:00 Defent Iceland &#8211; The\u00f3d\u00f3r Ragnar G\u00edslason, framkv\u00e6mdastj\u00f3ri og stofnandi<\/li>\n<li>12:10 Uppistand &#8211; Snj\u00f3laug L\u00fa\u00f0v\u00edksd\u00f3ttir<\/li>\n<li>12:30 Vi\u00f0bur\u00f0i l\u00fdkur<\/li>\n<\/ul>\n<p>\u00de\u00e1 ver\u00f0ur s\u00fdningarb\u00e1s fr\u00e1 Rann\u00eds \u00e1 s\u00fdningarsv\u00e6\u00f0i N\u00fdsk\u00f6punarvikunnar \u00ed Kolaportinu, \u00fear sem t\u00e6kif\u00e6ri \u00e1 svi\u00f0i n\u00fdsk\u00f6punar ver\u00f0a \u00ed forgrunni.<\/p>","protected":false},"excerpt":{"rendered":"<p>T\u00e6kni\u00fer\u00f3unarsj\u00f3\u00f0ur og\u00a0Enterprise Europe Network\u00a0\u00a0bj\u00f3\u00f0a til h\u00e1degisvi\u00f0bur\u00f0ar undir yfirskriftinni &#8222;The Innovative Globetrotter&#8220; sem myndi \u00fatleggjast \u00e1 \u00edslensku sem &#8222;Skapandi heimshornaflakkarinn&#8220;. Vi\u00f0bur\u00f0urinn fer fram \u00e1 ensku og hefst klukkan 11:30. \u00c1 \u00feessum [&hellip;]<\/p>\n","protected":false},"author":4,"featured_media":1537,"template":"","meta":{"_acf_changed":false,"_tribe_events_status":"","_tribe_events_status_reason":"","footnotes":""},"tags":[21,34],"tribe_events_cat":[32],"class_list":["post-1515","tribe_events","type-tribe_events","status-publish","has-post-thumbnail","hentry","tag-innovation","tag-nyskopun","tribe_events_cat-dagatal","cat_dagatal"],"acf":[],"_links":{"self":[{"href":"https:\/\/een.is\/en\/wp-json\/wp\/v2\/tribe_events\/1515","targetHints":{"allow":["GET"]}}],"collection":[{"href":"https:\/\/een.is\/en\/wp-json\/wp\/v2\/tribe_events"}],"about":[{"href":"https:\/\/een.is\/en\/wp-json\/wp\/v2\/types\/tribe_events"}],"author":[{"embeddable":true,"href":"https:\/\/een.is\/en\/wp-json\/wp\/v2\/users\/4"}],"version-history":[{"count":3,"href":"https:\/\/een.is\/en\/wp-json\/wp\/v2\/tribe_events\/1515\/revisions"}],"predecessor-version":[{"id":1536,"href":"https:\/\/een.is\/en\/wp-json\/wp\/v2\/tribe_events\/1515\/revisions\/1536"}],"wp:featuredmedia":[{"embeddable":true,"href":"https:\/\/een.is\/en\/wp-json\/wp\/v2\/media\/1537"}],"wp:attachment":[{"href":"https:\/\/een.is\/en\/wp-json\/wp\/v2\/media?parent=1515"}],"wp:term":[{"taxonomy":"post_tag","embeddable":true,"href":"https:\/\/een.is\/en\/wp-json\/wp\/v2\/tags?post=1515"},{"taxonomy":"tribe_events_cat","embeddable":true,"href":"https:\/\/een.is\/en\/wp-json\/wp\/v2\/tribe_events_cat?post=1515"}],"curies":[{"name":"wp","href":"https:\/\/api.w.org\/{rel}","templated":true}]}}