{"id":1493,"date":"2024-05-04T14:53:57","date_gmt":"2024-05-04T14:53:57","guid":{"rendered":"https:\/\/een.is\/?post_type=tribe_events&#038;p=1493"},"modified":"2024-05-05T09:53:10","modified_gmt":"2024-05-05T09:53:10","slug":"evropusamvinna-i-30-ar","status":"publish","type":"tribe_events","link":"https:\/\/een.is\/en\/event\/evropusamvinna-i-30-ar\/","title":{"rendered":"Evr\u00f3pusamvinna \u00ed 30 \u00e1r"},"content":{"rendered":"<p>\u00c1ri\u00f0 2024 eru 30 \u00e1r s\u00ed\u00f0an a\u00f0 samningur Evr\u00f3pska efnahagssv\u00e6\u00f0isins (EES) var undirrita\u00f0ur og veitti \u00cdslandi me\u00f0al annars a\u00f0gang a\u00f0 innri marka\u00f0i Evr\u00f3pusambandsins og aukin t\u00e6kif\u00e6ri til samstarfs \u00ed Evr\u00f3pu. \u00cd tilefni af \u00feeim t\u00edmam\u00f3tum bj\u00f3\u00f0a Rann\u00eds, utanr\u00edkisr\u00e1\u00f0uneyti\u00f0, h\u00e1sk\u00f3la-, i\u00f0na\u00f0ar- og n\u00fdsk\u00f6punarr\u00e1\u00f0uneyti\u00f0 og sendinefnd ESB \u00e1 \u00cdslandi til tveggja vi\u00f0bur\u00f0a mi\u00f0vikudaginn 8. ma\u00ed. annars vegar m\u00e1l\u00feingi\u00f0: EES \u00ed 30 \u00e1r &#8211;\u00a0\u00e1vinningur, t\u00e6kif\u00e6ri, \u00e1skoranir og hins vegar Uppskeruh\u00e1t\u00ed\u00f0 Evr\u00f3puverkefna: Evr\u00f3pusamvinna \u00ed 30 \u00e1r.<\/p>\n<p>\u00c1 h\u00e1t\u00ed\u00f0inni ver\u00f0ur fagna\u00f0 \u00e1rangri undanfarinna \u00e1ra \u00fear sem gestir geta kynnt s\u00e9r fj\u00f6lm\u00f6rg verkefni sem hafa fengi\u00f0 styrki \u00far \u00e1\u00e6tlunum ESB. Verkefnin koma alls sta\u00f0ar a\u00f0 \u00far samf\u00e9laginu, enda hafa samstarfs\u00e1\u00e6tlanir ESB styrkt \u00edslenska a\u00f0ila \u00e1 svi\u00f0i menntam\u00e1la, kvikmyndager\u00f0ar, \u00e6skul\u00fd\u00f0sm\u00e1la, ranns\u00f3kna, n\u00fdsk\u00f6punar, almannavarna og fleiri svi\u00f0um.<\/p>","protected":false},"excerpt":{"rendered":"<p>\u00c1ri\u00f0 2024 eru 30 \u00e1r s\u00ed\u00f0an a\u00f0 samningur Evr\u00f3pska efnahagssv\u00e6\u00f0isins (EES) var undirrita\u00f0ur og veitti \u00cdslandi me\u00f0al annars a\u00f0gang a\u00f0 innri marka\u00f0i Evr\u00f3pusambandsins og aukin t\u00e6kif\u00e6ri til samstarfs \u00ed Evr\u00f3pu. [&hellip;]<\/p>\n","protected":false},"author":4,"featured_media":1498,"template":"","meta":{"_acf_changed":false,"_tribe_events_status":"","_tribe_events_status_reason":"","footnotes":""},"tags":[],"tribe_events_cat":[32],"class_list":["post-1493","tribe_events","type-tribe_events","status-publish","has-post-thumbnail","hentry","tribe_events_cat-dagatal","cat_dagatal"],"acf":[],"_links":{"self":[{"href":"https:\/\/een.is\/en\/wp-json\/wp\/v2\/tribe_events\/1493","targetHints":{"allow":["GET"]}}],"collection":[{"href":"https:\/\/een.is\/en\/wp-json\/wp\/v2\/tribe_events"}],"about":[{"href":"https:\/\/een.is\/en\/wp-json\/wp\/v2\/types\/tribe_events"}],"author":[{"embeddable":true,"href":"https:\/\/een.is\/en\/wp-json\/wp\/v2\/users\/4"}],"version-history":[{"count":3,"href":"https:\/\/een.is\/en\/wp-json\/wp\/v2\/tribe_events\/1493\/revisions"}],"predecessor-version":[{"id":1520,"href":"https:\/\/een.is\/en\/wp-json\/wp\/v2\/tribe_events\/1493\/revisions\/1520"}],"wp:featuredmedia":[{"embeddable":true,"href":"https:\/\/een.is\/en\/wp-json\/wp\/v2\/media\/1498"}],"wp:attachment":[{"href":"https:\/\/een.is\/en\/wp-json\/wp\/v2\/media?parent=1493"}],"wp:term":[{"taxonomy":"post_tag","embeddable":true,"href":"https:\/\/een.is\/en\/wp-json\/wp\/v2\/tags?post=1493"},{"taxonomy":"tribe_events_cat","embeddable":true,"href":"https:\/\/een.is\/en\/wp-json\/wp\/v2\/tribe_events_cat?post=1493"}],"curies":[{"name":"wp","href":"https:\/\/api.w.org\/{rel}","templated":true}]}}